{"id":108,"date":"2025-03-29T19:24:14","date_gmt":"2025-03-29T18:24:14","guid":{"rendered":"https:\/\/acaciafrance.fr\/?page_id=108"},"modified":"2026-04-22T17:16:24","modified_gmt":"2026-04-22T15:16:24","slug":"formulaire-dinscription-a-une-formation","status":"publish","type":"page","link":"https:\/\/andragogieformation.fr\/index.php\/formulaire-dinscription-a-une-formation\/","title":{"rendered":"Formulaire d&rsquo;inscription \u00e0 une formation"},"content":{"rendered":"\t\t<div data-elementor-type=\"wp-page\" data-elementor-id=\"108\" class=\"elementor elementor-108\" data-elementor-post-type=\"page\">\n\t\t\t\t<div class=\"elementor-element elementor-element-2a5dc67 e-flex e-con-boxed e-con e-parent\" data-id=\"2a5dc67\" data-element_type=\"container\" data-settings=\"{&quot;background_background&quot;:&quot;gradient&quot;}\">\n\t\t\t\t\t<div class=\"e-con-inner\">\n\t\t<div class=\"elementor-element elementor-element-abe63cf e-con-full e-flex e-con e-child\" data-id=\"abe63cf\" data-element_type=\"container\">\n\t\t\t\t<div class=\"elementor-element elementor-element-3ffd366 elementor-widget__width-initial elementor-widget elementor-widget-heading\" data-id=\"3ffd366\" data-element_type=\"widget\" data-widget_type=\"heading.default\">\n\t\t\t\t\t<h1 class=\"elementor-heading-title elementor-size-default\">Inscription \u00e0 nos formations\n<br><p style=\"font-size: 22px\">Coh\u00e9rence cardiaque, gestion \u00e9motionnelle &amp; \u00e9lectronique.<\/h1>\t\t\t\t<\/div>\n\t\t\t\t<div class=\"elementor-element elementor-element-91d66e2 elementor-widget elementor-widget-text-editor\" data-id=\"91d66e2\" data-element_type=\"widget\" data-widget_type=\"text-editor.default\">\n\t\t\t\t\t\t\t\t\t<p>Former pour transformer. Apprendre pour grandir.<\/p>\t\t\t\t\t\t\t\t<\/div>\n\t\t\t\t<div class=\"elementor-element elementor-element-694d9cb elementor-widget elementor-widget-text-editor\" data-id=\"694d9cb\" data-element_type=\"widget\" data-widget_type=\"text-editor.default\">\n\t\t\t\t\t\t\t\t\tRemplissez le formulaire ci-dessous, nous vous recontacterons sous 48h pour confirmer votre inscription.\t\t\t\t\t\t\t\t<\/div>\n\t\t\t\t<\/div>\n\t\t<div class=\"elementor-element elementor-element-776dede e-con-full e-flex e-con e-child\" data-id=\"776dede\" data-element_type=\"container\">\n\t\t\t\t<div class=\"elementor-element elementor-element-b39c50c elementor-widget elementor-widget-image\" data-id=\"b39c50c\" data-element_type=\"widget\" data-widget_type=\"image.default\">\n\t\t\t\t\t\t\t\t\t\t\t\t\t\t\t<img fetchpriority=\"high\" decoding=\"async\" width=\"768\" height=\"513\" src=\"https:\/\/andragogieformation.fr\/wp-content\/uploads\/2025\/09\/inscriptions-formations-andragogie-768x513.jpg\" class=\"attachment-medium_large size-medium_large wp-image-1028\" alt=\"\" srcset=\"https:\/\/andragogieformation.fr\/wp-content\/uploads\/2025\/09\/inscriptions-formations-andragogie-768x513.jpg 768w, https:\/\/andragogieformation.fr\/wp-content\/uploads\/2025\/09\/inscriptions-formations-andragogie-300x200.jpg 300w, https:\/\/andragogieformation.fr\/wp-content\/uploads\/2025\/09\/inscriptions-formations-andragogie-1024x683.jpg 1024w, https:\/\/andragogieformation.fr\/wp-content\/uploads\/2025\/09\/inscriptions-formations-andragogie-1536x1025.jpg 1536w\" sizes=\"(max-width: 768px) 100vw, 768px\" \/>\t\t\t\t\t\t\t\t\t\t\t\t\t\t\t<\/div>\n\t\t\t\t<\/div>\n\t\t\t\t\t<\/div>\n\t\t\t\t<\/div>\n\t\t<div class=\"elementor-element elementor-element-2f9f0863 e-flex e-con-boxed e-con e-parent\" data-id=\"2f9f0863\" data-element_type=\"container\">\n\t\t\t\t\t<div class=\"e-con-inner\">\n\t\t\t\t<div class=\"elementor-element elementor-element-47447943 elementor-widget elementor-widget-text-editor\" data-id=\"47447943\" data-element_type=\"widget\" data-widget_type=\"text-editor.default\">\n\t\t\t\t\t\t\t\t\t\n<div class=\"wp-block-contact-form-7-contact-form-selector\">\n<div class=\"wpcf7 no-js\" id=\"wpcf7-f111-o1\" lang=\"fr-FR\" dir=\"ltr\">\n<div class=\"screen-reader-response\"><p role=\"status\" aria-live=\"polite\" aria-atomic=\"true\"><\/p> <ul><\/ul><\/div>\n<form action=\"\/index.php\/wp-json\/wp\/v2\/pages\/108#wpcf7-f111-o1\" method=\"post\" class=\"wpcf7-form init\" aria-label=\"Formulaire de contact\" novalidate=\"novalidate\" data-status=\"init\">\n<div style=\"display: none;\">\n<input type=\"hidden\" name=\"_wpcf7\" value=\"111\" \/>\n<input type=\"hidden\" name=\"_wpcf7_version\" value=\"5.9.8\" \/>\n<input type=\"hidden\" name=\"_wpcf7_locale\" value=\"fr_FR\" \/>\n<input type=\"hidden\" name=\"_wpcf7_unit_tag\" value=\"wpcf7-f111-o1\" \/>\n<input type=\"hidden\" name=\"_wpcf7_container_post\" value=\"0\" \/>\n<input type=\"hidden\" name=\"_wpcf7_posted_data_hash\" value=\"\" \/>\n<input type=\"hidden\" name=\"_wpcf7_recaptcha_response\" value=\"\" \/>\n<\/div>\n<p><span class=\"wpcf7-form-control-wrap\" data-name=\"select-92\"><select class=\"wpcf7-form-control wpcf7-select wpcf7-validates-as-required\" aria-required=\"true\" aria-invalid=\"false\" name=\"select-92\"><option value=\"\">Choisir votre formation<\/option><option value=\"Formation Respire &amp; Agis - Initiation coh\u00e9rence cardiaque (dur\u00e9e 1 \u00e0 2 heures)\">Formation Respire &amp; Agis &#8211; Initiation coh\u00e9rence cardiaque (dur\u00e9e 1 \u00e0 2 heures)<\/option><option value=\"Formation Comprendre, mesurer, agir - Ma\u00eetriser la coh\u00e9rence cardiaque (dur\u00e9e 1 journ\u00e9e)\">Formation Comprendre, mesurer, agir &#8211; Ma\u00eetriser la coh\u00e9rence cardiaque (dur\u00e9e 1 journ\u00e9e)<\/option><option value=\"Formation D\u00e9samorce &amp; Apaise - D\u00e9samorcer les situations d&#039;agressivit\u00e9 verbale, gestion du stress et des \u00e9motions (dur\u00e9e 2 journ\u00e9es)\">Formation D\u00e9samorce &amp; Apaise &#8211; D\u00e9samorcer les situations d&#039;agressivit\u00e9 verbale, gestion du stress et des \u00e9motions (dur\u00e9e 2 journ\u00e9es)<\/option><option value=\"Formation Ressens &amp; Connecte - Equicoaching\">Formation Ressens &amp; Connecte &#8211; Equicoaching<\/option><option value=\"Formation Mieux comprendre, mieux agir face aux CEM - Exposition aux champs \u00e9lectromagn\u00e9tiques (dur\u00e9e 1 journ\u00e9e)\">Formation Mieux comprendre, mieux agir face aux CEM &#8211; Exposition aux champs \u00e9lectromagn\u00e9tiques (dur\u00e9e 1 journ\u00e9e)<\/option><option value=\"Formation initiation STM32 - d\u00e9velopper sa 1\u00e8re application embarqu\u00e9e (dur\u00e9e 1\/2 journ\u00e9e)\">Formation initiation STM32 &#8211; d\u00e9velopper sa 1\u00e8re application embarqu\u00e9e (dur\u00e9e 1\/2 journ\u00e9e)<\/option><\/select><\/span>\n<\/p>\n<p><span class=\"wpcf7-form-control-wrap\" data-name=\"radio-968\"><span class=\"wpcf7-form-control wpcf7-radio\"><span class=\"wpcf7-list-item first\"><label><input type=\"radio\" name=\"radio-968\" value=\"Madame\" \/><span class=\"wpcf7-list-item-label\">Madame<\/span><\/label><\/span><span class=\"wpcf7-list-item\"><label><input type=\"radio\" name=\"radio-968\" value=\"Monsieur\" \/><span class=\"wpcf7-list-item-label\">Monsieur<\/span><\/label><\/span><span class=\"wpcf7-list-item\"><label><input type=\"radio\" name=\"radio-968\" value=\"Docteur\" \/><span class=\"wpcf7-list-item-label\">Docteur<\/span><\/label><\/span><span class=\"wpcf7-list-item last\"><label><input type=\"radio\" name=\"radio-968\" value=\"Professeur\" \/><span class=\"wpcf7-list-item-label\">Professeur<\/span><\/label><\/span><\/span><\/span>\n<\/p>\n<p><label> *champs obligatoires <\/label>\n<\/p>\n<p><label> Votre nom*<br \/>\n<span class=\"wpcf7-form-control-wrap\" data-name=\"your-name\"><input size=\"40\" maxlength=\"400\" class=\"wpcf7-form-control wpcf7-text wpcf7-validates-as-required\" autocomplete=\"name\" aria-required=\"true\" aria-invalid=\"false\" value=\"\" type=\"text\" name=\"your-name\" \/><\/span> <\/label><br \/>\n<label> Votre pr\u00e9nom*<br \/>\n<span class=\"wpcf7-form-control-wrap\" data-name=\"your-prenom\"><input size=\"40\" maxlength=\"400\" class=\"wpcf7-form-control wpcf7-text wpcf7-validates-as-required\" autocomplete=\"prenom\" aria-required=\"true\" aria-invalid=\"false\" value=\"\" type=\"text\" name=\"your-prenom\" \/><\/span> <\/label><br \/>\n<label> Votre e-mail*<br \/>\n<span class=\"wpcf7-form-control-wrap\" data-name=\"your-email\"><input size=\"40\" maxlength=\"400\" class=\"wpcf7-form-control wpcf7-email wpcf7-validates-as-required wpcf7-text wpcf7-validates-as-email\" autocomplete=\"email\" aria-required=\"true\" aria-invalid=\"false\" value=\"\" type=\"email\" name=\"your-email\" \/><\/span> <\/label><br \/>\n<label> Service ou entreprise*<br \/>\n<span class=\"wpcf7-form-control-wrap\" data-name=\"your-service\"><input size=\"40\" maxlength=\"400\" class=\"wpcf7-form-control wpcf7-text wpcf7-validates-as-required\" autocomplete=\"service\" aria-required=\"true\" aria-invalid=\"false\" value=\"\" type=\"text\" name=\"your-service\" \/><\/span> <\/label><br \/>\n<label> Adresse professionnelle*<br \/>\n<span class=\"wpcf7-form-control-wrap\" data-name=\"votre-adresse\"><input size=\"40\" maxlength=\"400\" class=\"wpcf7-form-control wpcf7-text wpcf7-validates-as-required\" aria-required=\"true\" aria-invalid=\"false\" value=\"\" type=\"text\" name=\"votre-adresse\" \/><\/span> <\/label><br \/>\n<label> Code postal*<br \/>\n<span class=\"wpcf7-form-control-wrap\" data-name=\"votre-codepostal\"><input size=\"40\" maxlength=\"10\" minlength=\"4\" class=\"wpcf7-form-control wpcf7-text wpcf7-validates-as-required\" autocomplete=\"postal-code\" aria-required=\"true\" aria-invalid=\"false\" value=\"\" type=\"text\" name=\"votre-codepostal\" \/><\/span> <\/label><br \/>\n<label> Ville*<br \/>\n<span class=\"wpcf7-form-control-wrap\" data-name=\"votre-ville\"><input size=\"40\" maxlength=\"400\" class=\"wpcf7-form-control wpcf7-text wpcf7-validates-as-required\" aria-required=\"true\" aria-invalid=\"false\" value=\"\" type=\"text\" name=\"votre-ville\" \/><\/span> <\/label><br \/>\nVous \u00eates en situation de handicap (facultatif) <span class=\"wpcf7-form-control-wrap\" data-name=\"checkbox-974\"><span class=\"wpcf7-form-control wpcf7-checkbox wpcf7-validates-as-required wpcf7-exclusive-checkbox\"><span class=\"wpcf7-list-item first\"><label><input type=\"checkbox\" name=\"checkbox-974\" value=\"Oui\" \/><span class=\"wpcf7-list-item-label\">Oui<\/span><\/label><\/span><span class=\"wpcf7-list-item last\"><label><input type=\"checkbox\" name=\"checkbox-974\" value=\"Non\" \/><span class=\"wpcf7-list-item-label\">Non<\/span><\/label><\/span><\/span><\/span>\n<\/p>\n<p class=\"cf7-help\">Si vous r\u00e9pondez \u201cOui\u201d, notre r\u00e9f\u00e9rent handicap vous proposera un entretien pour envisager d\u2019\u00e9ventuels am\u00e9nagements et dispositions \u00e0 mettre en place.\n<\/p>\n<p><span class=\"wpcf7-form-control-wrap\" data-name=\"handicap_detail\"><span class=\"wpcf7-form-control wpcf7-checkbox\"><span class=\"wpcf7-list-item first last\"><label><input type=\"checkbox\" name=\"handicap_detail[]\" value=\"Je souhaite \u00eatre recontact\u00e9(e) par le r\u00e9f\u00e9rent handicap\" \/><span class=\"wpcf7-list-item-label\">Je souhaite \u00eatre recontact\u00e9(e) par le r\u00e9f\u00e9rent handicap<\/span><\/label><\/span><\/span><\/span><br \/>\nNotre r\u00e9f\u00e9rent handicap se tient \u00e0 votre disposition pour r\u00e9pondre \u00e0 l\u2019ensemble de vos questions.\n<\/p>\n<p><label> Votre num\u00e9ro de t\u00e9l\u00e9phone <span class=\"wpcf7-form-control-wrap\" data-name=\"telephone\"><input size=\"40\" maxlength=\"15\" minlength=\"10\" class=\"wpcf7-form-control wpcf7-tel wpcf7-text wpcf7-validates-as-tel\" autocomplete=\"tel\" aria-invalid=\"false\" value=\"\" type=\"tel\" name=\"telephone\" \/><\/span><\/label>\n<\/p>\n<hr \/>\n<p><span class=\"wpcf7-form-control-wrap\" data-name=\"diff_dest\"><span class=\"wpcf7-form-control wpcf7-checkbox\"><span class=\"wpcf7-list-item first last\"><label><input type=\"checkbox\" name=\"diff_dest[]\" value=\"Les coordonn\u00e9es de facturation\/convention sont diff\u00e9rentes\" \/><span class=\"wpcf7-list-item-label\">Les coordonn\u00e9es de facturation\/convention sont diff\u00e9rentes<\/span><\/label><\/span><\/span><\/span>\n<\/p>\n<p class=\"cf7-help\">Remplir uniquement si le destinataire de la convention n\u2019est pas le participant.\n<\/p>\n<p><label>Destinataire (entreprise ou employeur du stagiaire)<br \/>\n<span class=\"wpcf7-form-control-wrap\" data-name=\"destinataire\"><input size=\"40\" maxlength=\"400\" class=\"wpcf7-form-control wpcf7-text\" aria-invalid=\"false\" value=\"\" type=\"text\" name=\"destinataire\" \/><\/span><\/label><br \/>\n<label>Adresse du destinataire<br \/>\n<span class=\"wpcf7-form-control-wrap\" data-name=\"adresse_dest\"><input size=\"40\" maxlength=\"400\" class=\"wpcf7-form-control wpcf7-text\" aria-invalid=\"false\" value=\"\" type=\"text\" name=\"adresse_dest\" \/><\/span><\/label>\n<\/p>\n<p><label>Code postal du destinataire<br \/>\n<span class=\"wpcf7-form-control-wrap\" data-name=\"cp_dest\"><input size=\"40\" maxlength=\"10\" minlength=\"4\" class=\"wpcf7-form-control wpcf7-text\" aria-invalid=\"false\" value=\"\" type=\"text\" name=\"cp_dest\" \/><\/span><\/label>\n<\/p>\n<p><label>Ville du destinataire<br \/>\n<span class=\"wpcf7-form-control-wrap\" data-name=\"ville_dest\"><input size=\"40\" maxlength=\"400\" class=\"wpcf7-form-control wpcf7-text\" aria-invalid=\"false\" value=\"\" type=\"text\" name=\"ville_dest\" \/><\/span><\/label>\n<\/p>\n<p><label>T\u00e9l\u00e9phone du correspondant formation<br \/>\n<span class=\"wpcf7-form-control-wrap\" data-name=\"tel_dest\"><input size=\"40\" maxlength=\"15\" minlength=\"10\" class=\"wpcf7-form-control wpcf7-tel wpcf7-text wpcf7-validates-as-tel\" aria-invalid=\"false\" value=\"\" type=\"tel\" name=\"tel_dest\" \/><\/span><\/label>\n<\/p>\n<p><label>E-mail du correspondant formation<br \/>\n<span class=\"wpcf7-form-control-wrap\" data-name=\"email_dest\"><input size=\"40\" maxlength=\"400\" class=\"wpcf7-form-control wpcf7-email wpcf7-text wpcf7-validates-as-email\" aria-invalid=\"false\" value=\"\" type=\"email\" name=\"email_dest\" \/><\/span><\/label>\n<\/p>\n<p><label>Organisme payeur et adresse de facturation<br \/>\n<span class=\"wpcf7-form-control-wrap\" data-name=\"payeur\"><textarea cols=\"40\" rows=\"10\" maxlength=\"200\" class=\"wpcf7-form-control wpcf7-textarea\" aria-invalid=\"false\" name=\"payeur\"><\/textarea><\/span><\/label>\n<\/p>\n<hr \/>\n<p><strong>Besoins sp\u00e9cifiques<\/strong> (facultatif)\n<\/p>\n<p><span class=\"wpcf7-form-control-wrap\" data-name=\"besoins\"><span class=\"wpcf7-form-control wpcf7-checkbox wpcf7-exclusive-checkbox\"><span class=\"wpcf7-list-item first\"><label><input type=\"checkbox\" name=\"besoins\" value=\"Oui\" \/><span class=\"wpcf7-list-item-label\">Oui<\/span><\/label><\/span><span class=\"wpcf7-list-item last\"><label><input type=\"checkbox\" name=\"besoins\" value=\"Non\" \/><span class=\"wpcf7-list-item-label\">Non<\/span><\/label><\/span><\/span><\/span>\n<\/p>\n<p class=\"cf7-help\">Un formulaire de pr\u00e9paration vous sera envoy\u00e9 avant la formation.\n<\/p>\n<p><label>Message compl\u00e9mentaire (facultatif)<br \/>\n<span class=\"wpcf7-form-control-wrap\" data-name=\"message\"><textarea cols=\"40\" rows=\"10\" maxlength=\"2000\" class=\"wpcf7-form-control wpcf7-textarea\" aria-invalid=\"false\" name=\"message\"><\/textarea><\/span><\/label>\n<\/p>\n<p>*J\u2019accepte que mes donn\u00e9es soient utilis\u00e9es pour traiter ma demande d\u2019inscription conform\u00e9ment \u00e0 notre politique de confidentialit\u00e9.<br \/>\n<span class=\"wpcf7-form-control-wrap\" data-name=\"besoins\"><span class=\"wpcf7-form-control wpcf7-checkbox wpcf7-exclusive-checkbox\"><span class=\"wpcf7-list-item first\"><label><input type=\"checkbox\" name=\"besoins\" value=\"Oui\" \/><span class=\"wpcf7-list-item-label\">Oui<\/span><\/label><\/span><span class=\"wpcf7-list-item last\"><label><input type=\"checkbox\" name=\"besoins\" value=\"Non\" \/><span class=\"wpcf7-list-item-label\">Non<\/span><\/label><\/span><\/span><\/span>\n<\/p>\n<p><input class=\"wpcf7-form-control wpcf7-submit has-spinner\" type=\"submit\" value=\"Envoyer\" \/>\n<\/p><div class=\"wpcf7-response-output\" aria-hidden=\"true\"><\/div>\n<\/form>\n<\/div>\n<\/div>\n\n<p>\u00a0<\/p>\n\n<p>Conform\u00e9ment au <a href=\"https:\/\/www.cnil.fr\/fr\/reglement-europeen-protection-donnees\">R\u00e8glement G\u00e9n\u00e9ral sur la Protection des Donn\u00e9es<\/a> ((UE) 2016\/679) en vigueur au 25 mai 2018, nous vous informons que les informations recueillies vous concernant font l\u2019objet d\u2019un traitement destin\u00e9 \u00e0 l&rsquo;organisme de formation ANDRAGOGIE pour les finalit\u00e9s suivantes: op\u00e9rations relatives \u00e0 la gestion des clients et prospects. Dur\u00e9e de conservation 3 ans pour les prospects \u00e0 compter de leur collecte et 10 ans pour les clients (Article L123-22 alin\u00e9a 2 du Code de commerce Norme simplifi\u00e9e n\u00b048). Nous tenons \u00e9galement \u00e0 vous informer que vous disposez \u00e0 tout moment d\u2019un droit d\u2019acc\u00e8s \u00e0 vos donn\u00e9es et que vous pouvez demander leur retrait, leur rectification ou leur suppression en vous adressant \u00e0 contact @ <a href=\"http:\/\/www.andragogieformation.fr\">andragogieformation.fr<\/a><br \/>Une question en rapport avec le traitement de vos donn\u00e9es personnelles, contactez le correspondant \u00e0 la protection des donn\u00e9es \u00e0 contact @ <a href=\"http:\/\/andragogieformation.fr\">andragogieformation.fr<\/a><\/p>\n\n<p>\u00a0<\/p>\n\t\t\t\t\t\t\t\t<\/div>\n\t\t\t\t\t<\/div>\n\t\t\t\t<\/div>\n\t\t<div class=\"elementor-element elementor-element-4ccf4c7 e-flex e-con-boxed e-con e-parent\" data-id=\"4ccf4c7\" data-element_type=\"container\" data-settings=\"{&quot;background_background&quot;:&quot;classic&quot;}\">\n\t\t\t\t\t<div class=\"e-con-inner\">\n\t\t<div class=\"elementor-element elementor-element-7cd7f41 e-con-full e-flex e-con e-child\" data-id=\"7cd7f41\" data-element_type=\"container\">\n\t\t<div class=\"elementor-element elementor-element-36b54c8 e-con-full e-flex e-con e-child\" data-id=\"36b54c8\" data-element_type=\"container\" data-settings=\"{&quot;background_background&quot;:&quot;classic&quot;}\">\n\t\t<div class=\"elementor-element elementor-element-c249fc8 e-con-full e-flex e-con e-child\" data-id=\"c249fc8\" data-element_type=\"container\">\n\t\t\t\t<div class=\"elementor-element elementor-element-244147e elementor-widget elementor-widget-heading\" data-id=\"244147e\" data-element_type=\"widget\" data-widget_type=\"heading.default\">\n\t\t\t\t\t<p class=\"elementor-heading-title elementor-size-default\">Andragogie, organisme de formation pour adultes.<\/p>\t\t\t\t<\/div>\n\t\t\t\t<div class=\"elementor-element elementor-element-276aa0d elementor-widget elementor-widget-heading\" data-id=\"276aa0d\" data-element_type=\"widget\" data-widget_type=\"heading.default\">\n\t\t\t\t\t<h2 class=\"elementor-heading-title elementor-size-default\">Consultez le programme complet<\/h2>\t\t\t\t<\/div>\n\t\t\t\t<div class=\"elementor-element elementor-element-5f7a2be elementor-align-center elementor-widget elementor-widget-button\" data-id=\"5f7a2be\" data-element_type=\"widget\" data-widget_type=\"button.default\">\n\t\t\t\t\t\t\t\t\t\t<a class=\"elementor-button elementor-button-link elementor-size-md\" href=\"https:\/\/andragogieformation.fr\/wp-content\/uploads\/2025\/09\/Calendrier-2026_Andragogie.pdf\">\n\t\t\t\t\t\t<span class=\"elementor-button-content-wrapper\">\n\t\t\t\t\t\t\t\t\t<span class=\"elementor-button-text\">t\u00e9l\u00e9charger le calendrier ici<\/span>\n\t\t\t\t\t<\/span>\n\t\t\t\t\t<\/a>\n\t\t\t\t\t\t\t\t<\/div>\n\t\t\t\t<\/div>\n\t\t\t\t<\/div>\n\t\t\t\t<div class=\"elementor-element elementor-element-a6fb267 elementor-view-default elementor-widget elementor-widget-icon\" data-id=\"a6fb267\" data-element_type=\"widget\" data-widget_type=\"icon.default\">\n\t\t\t\t\t\t\t<div class=\"elementor-icon-wrapper\">\n\t\t\t<div class=\"elementor-icon\">\n\t\t\t<svg aria-hidden=\"true\" class=\"e-font-icon-svg e-fas-heartbeat\" viewBox=\"0 0 512 512\" xmlns=\"http:\/\/www.w3.org\/2000\/svg\"><path d=\"M320.2 243.8l-49.7 99.4c-6 12.1-23.4 11.7-28.9-.6l-56.9-126.3-30 71.7H60.6l182.5 186.5c7.1 7.3 18.6 7.3 25.7 0L451.4 288H342.3l-22.1-44.2zM473.7 73.9l-2.4-2.5c-51.5-52.6-135.8-52.6-187.4 0L256 100l-27.9-28.5c-51.5-52.7-135.9-52.7-187.4 0l-2.4 2.4C-10.4 123.7-12.5 203 31 256h102.4l35.9-86.2c5.4-12.9 23.6-13.2 29.4-.4l58.2 129.3 49-97.9c5.9-11.8 22.7-11.8 28.6 0l27.6 55.2H481c43.5-53 41.4-132.3-7.3-182.1z\"><\/path><\/svg>\t\t\t<\/div>\n\t\t<\/div>\n\t\t\t\t\t\t<\/div>\n\t\t\t\t<div class=\"elementor-element elementor-element-4fd3da7 elementor-widget elementor-widget-text-editor\" data-id=\"4fd3da7\" data-element_type=\"widget\" data-widget_type=\"text-editor.default\">\n\t\t\t\t\t\t\t\t\t<p data-start=\"224\" data-end=\"448\">Vous ne trouvez pas de session qui corresponde \u00e0 vos disponibilit\u00e9s ?<br data-start=\"293\" data-end=\"296\" \/>Chez <strong data-start=\"304\" data-end=\"318\">Andragogie<\/strong>, nous pouvons organiser une session <strong data-start=\"355\" data-end=\"370\">sur demande<\/strong>, en intra-entreprise ou en petit groupe, selon vos contraintes de planning.<\/p><p data-start=\"450\" data-end=\"535\">Pr\u00e9voir un d\u00e9lai de <strong data-start=\"470\" data-end=\"484\">1 \u00e0 3 mois<\/strong> entre votre demande et la tenue de la formation.<\/p>\t\t\t\t\t\t\t\t<\/div>\n\t\t\t\t<div class=\"elementor-element elementor-element-e61f19e elementor-align-center elementor-widget elementor-widget-button\" data-id=\"e61f19e\" data-element_type=\"widget\" data-widget_type=\"button.default\">\n\t\t\t\t\t\t\t\t\t\t<a class=\"elementor-button elementor-button-link elementor-size-sm\" href=\"https:\/\/andragogieformation.fr\/index.php\/nous-contacter\/\">\n\t\t\t\t\t\t<span class=\"elementor-button-content-wrapper\">\n\t\t\t\t\t\t\t\t\t<span class=\"elementor-button-text\">cr\u00e9er votre session personnalis\u00e9e<\/span>\n\t\t\t\t\t<\/span>\n\t\t\t\t\t<\/a>\n\t\t\t\t\t\t\t\t<\/div>\n\t\t\t\t<\/div>\n\t\t\t\t\t<\/div>\n\t\t\t\t<\/div>\n\t\t<div class=\"elementor-element elementor-element-e395d91 e-flex e-con-boxed e-con e-parent\" data-id=\"e395d91\" data-element_type=\"container\" data-settings=\"{&quot;background_background&quot;:&quot;classic&quot;}\">\n\t\t\t\t\t<div class=\"e-con-inner\">\n\t\t<div class=\"elementor-element elementor-element-cdbe4ff e-con-full e-flex e-con e-child\" data-id=\"cdbe4ff\" data-element_type=\"container\" data-settings=\"{&quot;background_background&quot;:&quot;classic&quot;}\">\n\t\t\t\t<div class=\"elementor-element elementor-element-6eb1982 elementor-widget elementor-widget-spacer\" data-id=\"6eb1982\" data-element_type=\"widget\" data-widget_type=\"spacer.default\">\n\t\t\t\t\t\t\t<div class=\"elementor-spacer\">\n\t\t\t<div class=\"elementor-spacer-inner\"><\/div>\n\t\t<\/div>\n\t\t\t\t\t\t<\/div>\n\t\t\t\t<\/div>\n\t\t<div class=\"elementor-element elementor-element-9829b6a e-con-full e-flex e-con e-child\" data-id=\"9829b6a\" data-element_type=\"container\">\n\t\t\t\t<div class=\"elementor-element elementor-element-7777944 elementor-widget elementor-widget-heading\" data-id=\"7777944\" data-element_type=\"widget\" data-widget_type=\"heading.default\">\n\t\t\t\t\t<p class=\"elementor-heading-title elementor-size-default\">Andragogie, organisme de formation pour adultes.<\/p>\t\t\t\t<\/div>\n\t\t\t\t<div class=\"elementor-element elementor-element-7baeb93 elementor-widget elementor-widget-heading\" data-id=\"7baeb93\" data-element_type=\"widget\" data-widget_type=\"heading.default\">\n\t\t\t\t\t<h2 class=\"elementor-heading-title elementor-size-default\">Notre approche<\/h2>\t\t\t\t<\/div>\n\t\t\t\t<div class=\"elementor-element elementor-element-c8fb058 elementor-widget elementor-widget-text-editor\" data-id=\"c8fb058\" data-element_type=\"widget\" data-widget_type=\"text-editor.default\">\n\t\t\t\t\t\t\t\t\t<p>Chez Andragogie, nous adaptons notre p\u00e9dagogie aux besoins, contraintes et objectifs de chaque adulte apprenant.<\/p><p>Nos formations reposent sur une approche mixte qui alterne la th\u00e9orie, la mise en pratique et des retours personnalis\u00e9s pour ancrer les acquis.<br data-start=\"842\" data-end=\"845\" \/>Elles sont anim\u00e9es par des formateurs experts aux exp\u00e9riences crois\u00e9es dans l\u2019industrie, la sant\u00e9 et l\u2019accompagnement, afin de vous offrir un enseignement \u00e0 la fois rigoureux et vivant.<\/p>\t\t\t\t\t\t\t\t<\/div>\n\t\t\t\t<div class=\"elementor-element elementor-element-140c620 elementor-align-center elementor-widget elementor-widget-button\" data-id=\"140c620\" data-element_type=\"widget\" data-widget_type=\"button.default\">\n\t\t\t\t\t\t\t\t\t\t<a class=\"elementor-button elementor-button-link elementor-size-md\" href=\"https:\/\/andragogieformation.fr\/index.php\/a-propos-andragogie\/\">\n\t\t\t\t\t\t<span class=\"elementor-button-content-wrapper\">\n\t\t\t\t\t\t\t\t\t<span class=\"elementor-button-text\">\u00e0 propos<\/span>\n\t\t\t\t\t<\/span>\n\t\t\t\t\t<\/a>\n\t\t\t\t\t\t\t\t<\/div>\n\t\t\t\t<\/div>\n\t\t\t\t\t<\/div>\n\t\t\t\t<\/div>\n\t\t<div class=\"elementor-element elementor-element-02590ae e-flex e-con-boxed e-con e-parent\" data-id=\"02590ae\" data-element_type=\"container\" data-settings=\"{&quot;background_background&quot;:&quot;classic&quot;}\">\n\t\t\t\t\t<div class=\"e-con-inner\">\n\t\t<div class=\"elementor-element elementor-element-d2fb0e6 e-con-full e-flex e-con e-child\" data-id=\"d2fb0e6\" data-element_type=\"container\">\n\t\t\t\t<div class=\"elementor-element elementor-element-561c8a6 elementor-widget elementor-widget-text-editor\" data-id=\"561c8a6\" data-element_type=\"widget\" data-widget_type=\"text-editor.default\">\n\t\t\t\t\t\t\t\t\t<p>Former pour transformer.<\/p>\t\t\t\t\t\t\t\t<\/div>\n\t\t\t\t<div class=\"elementor-element elementor-element-b3df542 elementor-widget elementor-widget-text-editor\" data-id=\"b3df542\" data-element_type=\"widget\" data-widget_type=\"text-editor.default\">\n\t\t\t\t\t\t\t\t\t<p>Apprendre pour grandir.<\/p>\t\t\t\t\t\t\t\t<\/div>\n\t\t\t\t<\/div>\n\t\t\t\t\t<\/div>\n\t\t\t\t<\/div>\n\t\t\t\t<\/div>\n\t\t","protected":false},"excerpt":{"rendered":"<p>Inscription \u00e0 nos formations Coh\u00e9rence cardiaque, gestion \u00e9motionnelle &amp; \u00e9lectronique. Former pour transformer. Apprendre pour grandir. Remplissez le formulaire ci-dessous, nous vous recontacterons sous 48h pour confirmer votre inscription. \u00a0 Conform\u00e9ment au R\u00e8glement G\u00e9n\u00e9ral sur la Protection des Donn\u00e9es ((UE) 2016\/679) en vigueur au 25 mai 2018, nous vous informons que les informations recueillies vous [&hellip;]<\/p>\n","protected":false},"author":1,"featured_media":0,"parent":0,"menu_order":0,"comment_status":"closed","ping_status":"closed","template":"elementor_header_footer","meta":{"footnotes":""},"class_list":["post-108","page","type-page","status-publish","hentry"],"yoast_head":"<!-- This site is optimized with the Yoast SEO plugin v25.5 - https:\/\/yoast.com\/wordpress\/plugins\/seo\/ -->\n<title>ANDRAGOGIE Formation - Formulaire d&#039;inscription \u00e0 une formation<\/title>\n<meta name=\"description\" content=\"Formulaire num\u00e9rique pour vous inscrire \u00e0 une formation propos\u00e9e par Andragogie formation en inter entreprise\" \/>\n<meta name=\"robots\" content=\"noindex, nofollow\" \/>\n<meta property=\"og:locale\" content=\"fr_FR\" \/>\n<meta property=\"og:type\" content=\"article\" \/>\n<meta property=\"og:title\" content=\"ANDRAGOGIE Formation - Formulaire d&#039;inscription \u00e0 une formation\" \/>\n<meta property=\"og:description\" content=\"Formulaire num\u00e9rique pour vous inscrire \u00e0 une formation propos\u00e9e par Andragogie formation en inter entreprise\" \/>\n<meta property=\"og:url\" content=\"https:\/\/andragogieformation.fr\/index.php\/formulaire-dinscription-a-une-formation\/\" \/>\n<meta property=\"og:site_name\" content=\"ANDRAGOGIE Formation\" \/>\n<meta property=\"article:modified_time\" content=\"2026-04-22T15:16:24+00:00\" \/>\n<meta property=\"og:image\" content=\"https:\/\/andragogieformation.fr\/wp-content\/uploads\/2025\/09\/inscriptions-formations-andragogie-768x513.jpg\" \/>\n<meta name=\"twitter:card\" content=\"summary_large_image\" \/>\n<meta name=\"twitter:label1\" content=\"Dur\u00e9e de lecture estim\u00e9e\" \/>\n\t<meta name=\"twitter:data1\" content=\"2 minutes\" \/>\n<script type=\"application\/ld+json\" class=\"yoast-schema-graph\">{\"@context\":\"https:\/\/schema.org\",\"@graph\":[{\"@type\":\"WebPage\",\"@id\":\"https:\/\/andragogieformation.fr\/index.php\/formulaire-dinscription-a-une-formation\/\",\"url\":\"https:\/\/andragogieformation.fr\/index.php\/formulaire-dinscription-a-une-formation\/\",\"name\":\"ANDRAGOGIE Formation - Formulaire d'inscription \u00e0 une formation\",\"isPartOf\":{\"@id\":\"https:\/\/andragogieformation.fr\/#website\"},\"primaryImageOfPage\":{\"@id\":\"https:\/\/andragogieformation.fr\/index.php\/formulaire-dinscription-a-une-formation\/#primaryimage\"},\"image\":{\"@id\":\"https:\/\/andragogieformation.fr\/index.php\/formulaire-dinscription-a-une-formation\/#primaryimage\"},\"thumbnailUrl\":\"https:\/\/andragogieformation.fr\/wp-content\/uploads\/2025\/09\/inscriptions-formations-andragogie-768x513.jpg\",\"datePublished\":\"2025-03-29T18:24:14+00:00\",\"dateModified\":\"2026-04-22T15:16:24+00:00\",\"description\":\"Formulaire num\u00e9rique pour vous inscrire \u00e0 une formation propos\u00e9e par Andragogie formation en inter entreprise\",\"breadcrumb\":{\"@id\":\"https:\/\/andragogieformation.fr\/index.php\/formulaire-dinscription-a-une-formation\/#breadcrumb\"},\"inLanguage\":\"fr-FR\",\"potentialAction\":[{\"@type\":\"ReadAction\",\"target\":[\"https:\/\/andragogieformation.fr\/index.php\/formulaire-dinscription-a-une-formation\/\"]}]},{\"@type\":\"ImageObject\",\"inLanguage\":\"fr-FR\",\"@id\":\"https:\/\/andragogieformation.fr\/index.php\/formulaire-dinscription-a-une-formation\/#primaryimage\",\"url\":\"https:\/\/andragogieformation.fr\/wp-content\/uploads\/2025\/09\/inscriptions-formations-andragogie-scaled.jpg\",\"contentUrl\":\"https:\/\/andragogieformation.fr\/wp-content\/uploads\/2025\/09\/inscriptions-formations-andragogie-scaled.jpg\",\"width\":2560,\"height\":1709,\"caption\":\"Getting donations.\"},{\"@type\":\"BreadcrumbList\",\"@id\":\"https:\/\/andragogieformation.fr\/index.php\/formulaire-dinscription-a-une-formation\/#breadcrumb\",\"itemListElement\":[{\"@type\":\"ListItem\",\"position\":1,\"name\":\"Accueil\",\"item\":\"https:\/\/andragogieformation.fr\/\"},{\"@type\":\"ListItem\",\"position\":2,\"name\":\"Formulaire d&rsquo;inscription \u00e0 une formation\"}]},{\"@type\":\"WebSite\",\"@id\":\"https:\/\/andragogieformation.fr\/#website\",\"url\":\"https:\/\/andragogieformation.fr\/\",\"name\":\"www.andragogieformation.fr\",\"description\":\"Organisme de formation pour adultes\",\"publisher\":{\"@id\":\"https:\/\/andragogieformation.fr\/#organization\"},\"alternateName\":\"ANDRAGOGIE\",\"potentialAction\":[{\"@type\":\"SearchAction\",\"target\":{\"@type\":\"EntryPoint\",\"urlTemplate\":\"https:\/\/andragogieformation.fr\/?s={search_term_string}\"},\"query-input\":{\"@type\":\"PropertyValueSpecification\",\"valueRequired\":true,\"valueName\":\"search_term_string\"}}],\"inLanguage\":\"fr-FR\"},{\"@type\":\"Organization\",\"@id\":\"https:\/\/andragogieformation.fr\/#organization\",\"name\":\"www.andragogieformation.fr\",\"alternateName\":\"ANDRAGOGIE\",\"url\":\"https:\/\/andragogieformation.fr\/\",\"logo\":{\"@type\":\"ImageObject\",\"inLanguage\":\"fr-FR\",\"@id\":\"https:\/\/andragogieformation.fr\/#\/schema\/logo\/image\/\",\"url\":\"https:\/\/andragogieformation.fr\/wp-content\/uploads\/2026\/02\/elargis_logo_Andragogie_conseil_formation.jpg\",\"contentUrl\":\"https:\/\/andragogieformation.fr\/wp-content\/uploads\/2026\/02\/elargis_logo_Andragogie_conseil_formation.jpg\",\"width\":1039,\"height\":597,\"caption\":\"www.andragogieformation.fr\"},\"image\":{\"@id\":\"https:\/\/andragogieformation.fr\/#\/schema\/logo\/image\/\"},\"sameAs\":[\"https:\/\/www.linkedin.com\/company\/105508468\"]}]}<\/script>\n<!-- \/ Yoast SEO plugin. -->","yoast_head_json":{"title":"ANDRAGOGIE Formation - Formulaire d'inscription \u00e0 une formation","description":"Formulaire num\u00e9rique pour vous inscrire \u00e0 une formation propos\u00e9e par Andragogie formation en inter entreprise","robots":{"index":"noindex","follow":"nofollow"},"og_locale":"fr_FR","og_type":"article","og_title":"ANDRAGOGIE Formation - Formulaire d'inscription \u00e0 une formation","og_description":"Formulaire num\u00e9rique pour vous inscrire \u00e0 une formation propos\u00e9e par Andragogie formation en inter entreprise","og_url":"https:\/\/andragogieformation.fr\/index.php\/formulaire-dinscription-a-une-formation\/","og_site_name":"ANDRAGOGIE Formation","article_modified_time":"2026-04-22T15:16:24+00:00","og_image":[{"url":"https:\/\/andragogieformation.fr\/wp-content\/uploads\/2025\/09\/inscriptions-formations-andragogie-768x513.jpg","type":"","width":"","height":""}],"twitter_card":"summary_large_image","twitter_misc":{"Dur\u00e9e de lecture estim\u00e9e":"2 minutes"},"schema":{"@context":"https:\/\/schema.org","@graph":[{"@type":"WebPage","@id":"https:\/\/andragogieformation.fr\/index.php\/formulaire-dinscription-a-une-formation\/","url":"https:\/\/andragogieformation.fr\/index.php\/formulaire-dinscription-a-une-formation\/","name":"ANDRAGOGIE Formation - Formulaire d'inscription \u00e0 une formation","isPartOf":{"@id":"https:\/\/andragogieformation.fr\/#website"},"primaryImageOfPage":{"@id":"https:\/\/andragogieformation.fr\/index.php\/formulaire-dinscription-a-une-formation\/#primaryimage"},"image":{"@id":"https:\/\/andragogieformation.fr\/index.php\/formulaire-dinscription-a-une-formation\/#primaryimage"},"thumbnailUrl":"https:\/\/andragogieformation.fr\/wp-content\/uploads\/2025\/09\/inscriptions-formations-andragogie-768x513.jpg","datePublished":"2025-03-29T18:24:14+00:00","dateModified":"2026-04-22T15:16:24+00:00","description":"Formulaire num\u00e9rique pour vous inscrire \u00e0 une formation propos\u00e9e par Andragogie formation en inter entreprise","breadcrumb":{"@id":"https:\/\/andragogieformation.fr\/index.php\/formulaire-dinscription-a-une-formation\/#breadcrumb"},"inLanguage":"fr-FR","potentialAction":[{"@type":"ReadAction","target":["https:\/\/andragogieformation.fr\/index.php\/formulaire-dinscription-a-une-formation\/"]}]},{"@type":"ImageObject","inLanguage":"fr-FR","@id":"https:\/\/andragogieformation.fr\/index.php\/formulaire-dinscription-a-une-formation\/#primaryimage","url":"https:\/\/andragogieformation.fr\/wp-content\/uploads\/2025\/09\/inscriptions-formations-andragogie-scaled.jpg","contentUrl":"https:\/\/andragogieformation.fr\/wp-content\/uploads\/2025\/09\/inscriptions-formations-andragogie-scaled.jpg","width":2560,"height":1709,"caption":"Getting donations."},{"@type":"BreadcrumbList","@id":"https:\/\/andragogieformation.fr\/index.php\/formulaire-dinscription-a-une-formation\/#breadcrumb","itemListElement":[{"@type":"ListItem","position":1,"name":"Accueil","item":"https:\/\/andragogieformation.fr\/"},{"@type":"ListItem","position":2,"name":"Formulaire d&rsquo;inscription \u00e0 une formation"}]},{"@type":"WebSite","@id":"https:\/\/andragogieformation.fr\/#website","url":"https:\/\/andragogieformation.fr\/","name":"www.andragogieformation.fr","description":"Organisme de formation pour adultes","publisher":{"@id":"https:\/\/andragogieformation.fr\/#organization"},"alternateName":"ANDRAGOGIE","potentialAction":[{"@type":"SearchAction","target":{"@type":"EntryPoint","urlTemplate":"https:\/\/andragogieformation.fr\/?s={search_term_string}"},"query-input":{"@type":"PropertyValueSpecification","valueRequired":true,"valueName":"search_term_string"}}],"inLanguage":"fr-FR"},{"@type":"Organization","@id":"https:\/\/andragogieformation.fr\/#organization","name":"www.andragogieformation.fr","alternateName":"ANDRAGOGIE","url":"https:\/\/andragogieformation.fr\/","logo":{"@type":"ImageObject","inLanguage":"fr-FR","@id":"https:\/\/andragogieformation.fr\/#\/schema\/logo\/image\/","url":"https:\/\/andragogieformation.fr\/wp-content\/uploads\/2026\/02\/elargis_logo_Andragogie_conseil_formation.jpg","contentUrl":"https:\/\/andragogieformation.fr\/wp-content\/uploads\/2026\/02\/elargis_logo_Andragogie_conseil_formation.jpg","width":1039,"height":597,"caption":"www.andragogieformation.fr"},"image":{"@id":"https:\/\/andragogieformation.fr\/#\/schema\/logo\/image\/"},"sameAs":["https:\/\/www.linkedin.com\/company\/105508468"]}]}},"_links":{"self":[{"href":"https:\/\/andragogieformation.fr\/index.php\/wp-json\/wp\/v2\/pages\/108","targetHints":{"allow":["GET"]}}],"collection":[{"href":"https:\/\/andragogieformation.fr\/index.php\/wp-json\/wp\/v2\/pages"}],"about":[{"href":"https:\/\/andragogieformation.fr\/index.php\/wp-json\/wp\/v2\/types\/page"}],"author":[{"embeddable":true,"href":"https:\/\/andragogieformation.fr\/index.php\/wp-json\/wp\/v2\/users\/1"}],"replies":[{"embeddable":true,"href":"https:\/\/andragogieformation.fr\/index.php\/wp-json\/wp\/v2\/comments?post=108"}],"version-history":[{"count":27,"href":"https:\/\/andragogieformation.fr\/index.php\/wp-json\/wp\/v2\/pages\/108\/revisions"}],"predecessor-version":[{"id":1379,"href":"https:\/\/andragogieformation.fr\/index.php\/wp-json\/wp\/v2\/pages\/108\/revisions\/1379"}],"wp:attachment":[{"href":"https:\/\/andragogieformation.fr\/index.php\/wp-json\/wp\/v2\/media?parent=108"}],"curies":[{"name":"wp","href":"https:\/\/api.w.org\/{rel}","templated":true}]}}